{"id":5955,"date":"2018-03-30T11:55:28","date_gmt":"2018-03-30T16:55:28","guid":{"rendered":"https:\/\/gadgualaquiza.gob.ec\/web\/?page_id=5955"},"modified":"2018-03-30T18:57:30","modified_gmt":"2018-03-30T23:57:30","slug":"inicio-v2","status":"publish","type":"page","link":"https:\/\/gadgualaquiza.gob.ec\/web\/inicio-v2\/","title":{"rendered":"INICIO V2"},"content":{"rendered":"<div class=\"wpb-content-wrapper\"><p>[vc_row][vc_column][vc_raw_html]JTVCcmV2X3NsaWRlciUyMHByZXNzJTVE[\/vc_raw_html][\/vc_column][\/vc_row][vc_row css=\u00bb.vc_custom_1522446865592{background-color: #fcfcfc !important;background-position: center !important;background-repeat: no-repeat !important;background-size: contain !important;}\u00bb][vc_column css=\u00bb.vc_custom_1522446797614{background-color: #f4f4f4 !important;}\u00bb]<div class=\"blog_slider clearfix  hide-more\" data-count=\"9\"><div class=\"blog_slider_header\"><h4 class=\"title\">NOTICIAS RECIENTES<\/h4><\/div><ul class=\"blog_slider_ul\"><li class=\"post-14507 post type-post status-publish format-standard has-post-thumbnail hentry category-noticias-inicio\"><div class=\"item_wrapper\"><div class=\"image_frame scale-with-grid\"><div class=\"image_wrapper\"><a href=\"https:\/\/gadgualaquiza.gob.ec\/web\/2022\/10\/07\/colocacion-de-tuberia-en-san-pedro-de-chumpias\/\"><img width=\"960\" height=\"750\" src=\"https:\/\/gadgualaquiza.gob.ec\/web\/wp-content\/uploads\/2022\/10\/MINGA-960x750.jpg\" class=\"scale-with-grid wp-post-image\" alt=\"\" decoding=\"async\" srcset=\"https:\/\/gadgualaquiza.gob.ec\/web\/wp-content\/uploads\/2022\/10\/MINGA-960x750.jpg 960w, https:\/\/gadgualaquiza.gob.ec\/web\/wp-content\/uploads\/2022\/10\/MINGA-1280x1000.jpg 1280w\" sizes=\"(max-width: 960px) 100vw, 960px\" \/><\/a><\/div><\/div><div class=\"date_label\">octubre 7, 2022<\/div><div class=\"desc\"><h4><a href=\"https:\/\/gadgualaquiza.gob.ec\/web\/2022\/10\/07\/colocacion-de-tuberia-en-san-pedro-de-chumpias\/\">COLOCACI\u00d3N DE TUBERIA EN SAN PEDRO DE CHUMPIAS<\/a><\/h4><hr class=\"hr_color\" \/><a href=\"https:\/\/gadgualaquiza.gob.ec\/web\/2022\/10\/07\/colocacion-de-tuberia-en-san-pedro-de-chumpias\/\" class=\"button button_left button_js\"><span class=\"button_icon\"><i class=\"icon-layout\"><\/i><\/span><span class=\"button_label\">Read more<\/span><\/a><\/div><\/div><\/li><li class=\"post-14504 post type-post status-publish format-standard has-post-thumbnail hentry category-noticias-inicio\"><div class=\"item_wrapper\"><div class=\"image_frame scale-with-grid\"><div class=\"image_wrapper\"><a href=\"https:\/\/gadgualaquiza.gob.ec\/web\/2022\/10\/07\/dia-internacional-del-turismo\/\"><img width=\"960\" height=\"750\" src=\"https:\/\/gadgualaquiza.gob.ec\/web\/wp-content\/uploads\/2022\/10\/DIA-DEL-TURISMO-960x750.jpg\" class=\"scale-with-grid wp-post-image\" alt=\"\" decoding=\"async\" srcset=\"https:\/\/gadgualaquiza.gob.ec\/web\/wp-content\/uploads\/2022\/10\/DIA-DEL-TURISMO-960x750.jpg 960w, https:\/\/gadgualaquiza.gob.ec\/web\/wp-content\/uploads\/2022\/10\/DIA-DEL-TURISMO-1280x1000.jpg 1280w\" sizes=\"(max-width: 960px) 100vw, 960px\" \/><\/a><\/div><\/div><div class=\"date_label\">octubre 7, 2022<\/div><div class=\"desc\"><h4><a href=\"https:\/\/gadgualaquiza.gob.ec\/web\/2022\/10\/07\/dia-internacional-del-turismo\/\">D\u00cdA INTERNACIONAL DEL TURISMO<\/a><\/h4><hr class=\"hr_color\" \/><a href=\"https:\/\/gadgualaquiza.gob.ec\/web\/2022\/10\/07\/dia-internacional-del-turismo\/\" class=\"button button_left button_js\"><span class=\"button_icon\"><i class=\"icon-layout\"><\/i><\/span><span class=\"button_label\">Read more<\/span><\/a><\/div><\/div><\/li><li class=\"post-14500 post type-post status-publish format-standard has-post-thumbnail hentry category-noticias-inicio\"><div class=\"item_wrapper\"><div class=\"image_frame scale-with-grid\"><div class=\"image_wrapper\"><a href=\"https:\/\/gadgualaquiza.gob.ec\/web\/2022\/10\/07\/dia-del-adulto-mayor-se-celebro-en-la-parroquia-nueva-tarqui\/\"><img width=\"960\" height=\"750\" src=\"https:\/\/gadgualaquiza.gob.ec\/web\/wp-content\/uploads\/2022\/10\/ADULTO-NT-960x750.jpg\" class=\"scale-with-grid wp-post-image\" alt=\"\" decoding=\"async\" srcset=\"https:\/\/gadgualaquiza.gob.ec\/web\/wp-content\/uploads\/2022\/10\/ADULTO-NT-960x750.jpg 960w, https:\/\/gadgualaquiza.gob.ec\/web\/wp-content\/uploads\/2022\/10\/ADULTO-NT-1280x1000.jpg 1280w\" sizes=\"(max-width: 960px) 100vw, 960px\" \/><\/a><\/div><\/div><div class=\"date_label\">octubre 7, 2022<\/div><div class=\"desc\"><h4><a href=\"https:\/\/gadgualaquiza.gob.ec\/web\/2022\/10\/07\/dia-del-adulto-mayor-se-celebro-en-la-parroquia-nueva-tarqui\/\">DIA DEL ADULTO MAYOR SE CELEBR\u00d3 EN LA PARROQUIA NUEVA TARQUI<\/a><\/h4><hr class=\"hr_color\" \/><a href=\"https:\/\/gadgualaquiza.gob.ec\/web\/2022\/10\/07\/dia-del-adulto-mayor-se-celebro-en-la-parroquia-nueva-tarqui\/\" class=\"button button_left button_js\"><span class=\"button_icon\"><i class=\"icon-layout\"><\/i><\/span><span class=\"button_label\">Read more<\/span><\/a><\/div><\/div><\/li><li class=\"post-14290 post type-post status-publish format-standard has-post-thumbnail hentry category-noticias-inicio\"><div class=\"item_wrapper\"><div class=\"image_frame scale-with-grid\"><div class=\"image_wrapper\"><a href=\"https:\/\/gadgualaquiza.gob.ec\/web\/2022\/09\/06\/inauguracion-del-ano-lectivo-2022-2023\/\"><img width=\"960\" height=\"750\" src=\"https:\/\/gadgualaquiza.gob.ec\/web\/wp-content\/uploads\/2022\/09\/CLASES-960x750.jpg\" class=\"scale-with-grid wp-post-image\" alt=\"\" decoding=\"async\" srcset=\"https:\/\/gadgualaquiza.gob.ec\/web\/wp-content\/uploads\/2022\/09\/CLASES-960x750.jpg 960w, https:\/\/gadgualaquiza.gob.ec\/web\/wp-content\/uploads\/2022\/09\/CLASES-1280x1000.jpg 1280w\" sizes=\"(max-width: 960px) 100vw, 960px\" \/><\/a><\/div><\/div><div class=\"date_label\">septiembre 6, 2022<\/div><div class=\"desc\"><h4><a href=\"https:\/\/gadgualaquiza.gob.ec\/web\/2022\/09\/06\/inauguracion-del-ano-lectivo-2022-2023\/\">INAUGURACI\u00d3N DEL A\u00d1O LECTIVO 2022-2023<\/a><\/h4><hr class=\"hr_color\" \/><a href=\"https:\/\/gadgualaquiza.gob.ec\/web\/2022\/09\/06\/inauguracion-del-ano-lectivo-2022-2023\/\" class=\"button button_left button_js\"><span class=\"button_icon\"><i class=\"icon-layout\"><\/i><\/span><span class=\"button_label\">Read more<\/span><\/a><\/div><\/div><\/li><li class=\"post-14286 post type-post status-publish format-standard has-post-thumbnail hentry category-noticias-inicio\"><div class=\"item_wrapper\"><div class=\"image_frame scale-with-grid\"><div class=\"image_wrapper\"><a href=\"https:\/\/gadgualaquiza.gob.ec\/web\/2022\/09\/06\/inauguracion-de-la-via-a-nueva-zaruma\/\"><img width=\"960\" height=\"750\" src=\"https:\/\/gadgualaquiza.gob.ec\/web\/wp-content\/uploads\/2022\/09\/NUEVA-ZARUMA-960x750.jpg\" class=\"scale-with-grid wp-post-image\" alt=\"\" decoding=\"async\" srcset=\"https:\/\/gadgualaquiza.gob.ec\/web\/wp-content\/uploads\/2022\/09\/NUEVA-ZARUMA-960x750.jpg 960w, https:\/\/gadgualaquiza.gob.ec\/web\/wp-content\/uploads\/2022\/09\/NUEVA-ZARUMA-1280x1000.jpg 1280w\" sizes=\"(max-width: 960px) 100vw, 960px\" \/><\/a><\/div><\/div><div class=\"date_label\">septiembre 6, 2022<\/div><div class=\"desc\"><h4><a href=\"https:\/\/gadgualaquiza.gob.ec\/web\/2022\/09\/06\/inauguracion-de-la-via-a-nueva-zaruma\/\">INAUGURACI\u00d3N DE LA V\u00cdA A NUEVA ZARUMA<\/a><\/h4><hr class=\"hr_color\" \/><a href=\"https:\/\/gadgualaquiza.gob.ec\/web\/2022\/09\/06\/inauguracion-de-la-via-a-nueva-zaruma\/\" class=\"button button_left button_js\"><span class=\"button_icon\"><i class=\"icon-layout\"><\/i><\/span><span class=\"button_label\">Read more<\/span><\/a><\/div><\/div><\/li><li class=\"post-14283 post type-post status-publish format-standard has-post-thumbnail hentry category-noticias-inicio\"><div class=\"item_wrapper\"><div class=\"image_frame scale-with-grid\"><div class=\"image_wrapper\"><a href=\"https:\/\/gadgualaquiza.gob.ec\/web\/2022\/09\/06\/gualaquiza-registro-cifras-record-durante-sus-festividades-de-cantonizacion\/\"><img width=\"960\" height=\"750\" src=\"https:\/\/gadgualaquiza.gob.ec\/web\/wp-content\/uploads\/2022\/09\/TURISMO-960x750.jpg\" class=\"scale-with-grid wp-post-image\" alt=\"\" decoding=\"async\" srcset=\"https:\/\/gadgualaquiza.gob.ec\/web\/wp-content\/uploads\/2022\/09\/TURISMO-960x750.jpg 960w, https:\/\/gadgualaquiza.gob.ec\/web\/wp-content\/uploads\/2022\/09\/TURISMO-1280x1000.jpg 1280w\" sizes=\"(max-width: 960px) 100vw, 960px\" \/><\/a><\/div><\/div><div class=\"date_label\">septiembre 6, 2022<\/div><div class=\"desc\"><h4><a href=\"https:\/\/gadgualaquiza.gob.ec\/web\/2022\/09\/06\/gualaquiza-registro-cifras-record-durante-sus-festividades-de-cantonizacion\/\">GUALAQUIZA REGISTR\u00d3 CIFRAS R\u00c9CORD DURANTE SUS FESTIVIDADES DE CANTONIZACI\u00d3N<\/a><\/h4><hr class=\"hr_color\" \/><a href=\"https:\/\/gadgualaquiza.gob.ec\/web\/2022\/09\/06\/gualaquiza-registro-cifras-record-durante-sus-festividades-de-cantonizacion\/\" class=\"button button_left button_js\"><span class=\"button_icon\"><i class=\"icon-layout\"><\/i><\/span><span class=\"button_label\">Read more<\/span><\/a><\/div><\/div><\/li><li class=\"post-14234 post type-post status-publish format-standard has-post-thumbnail hentry category-noticias-inicio\"><div class=\"item_wrapper\"><div class=\"image_frame scale-with-grid\"><div class=\"image_wrapper\"><a href=\"https:\/\/gadgualaquiza.gob.ec\/web\/2022\/08\/19\/concurso-de-dibujo\/\"><img width=\"960\" height=\"750\" src=\"https:\/\/gadgualaquiza.gob.ec\/web\/wp-content\/uploads\/2022\/08\/DIBUJO-960x750.jpg\" class=\"scale-with-grid wp-post-image\" alt=\"\" decoding=\"async\" srcset=\"https:\/\/gadgualaquiza.gob.ec\/web\/wp-content\/uploads\/2022\/08\/DIBUJO-960x750.jpg 960w, https:\/\/gadgualaquiza.gob.ec\/web\/wp-content\/uploads\/2022\/08\/DIBUJO-1280x1000.jpg 1280w\" sizes=\"(max-width: 960px) 100vw, 960px\" \/><\/a><\/div><\/div><div class=\"date_label\">agosto 19, 2022<\/div><div class=\"desc\"><h4><a href=\"https:\/\/gadgualaquiza.gob.ec\/web\/2022\/08\/19\/concurso-de-dibujo\/\">CONCURSO DE DIBUJO<\/a><\/h4><hr class=\"hr_color\" \/><a href=\"https:\/\/gadgualaquiza.gob.ec\/web\/2022\/08\/19\/concurso-de-dibujo\/\" class=\"button button_left button_js\"><span class=\"button_icon\"><i class=\"icon-layout\"><\/i><\/span><span class=\"button_label\">Read more<\/span><\/a><\/div><\/div><\/li><li class=\"post-14231 post type-post status-publish format-standard has-post-thumbnail hentry category-noticias-inicio\"><div class=\"item_wrapper\"><div class=\"image_frame scale-with-grid\"><div class=\"image_wrapper\"><a href=\"https:\/\/gadgualaquiza.gob.ec\/web\/2022\/08\/19\/exhibicion-de-autos-clasicos\/\"><img width=\"960\" height=\"750\" src=\"https:\/\/gadgualaquiza.gob.ec\/web\/wp-content\/uploads\/2022\/08\/AUTOS-CLASICOS-960x750.jpg\" class=\"scale-with-grid wp-post-image\" alt=\"\" decoding=\"async\" srcset=\"https:\/\/gadgualaquiza.gob.ec\/web\/wp-content\/uploads\/2022\/08\/AUTOS-CLASICOS-960x750.jpg 960w, https:\/\/gadgualaquiza.gob.ec\/web\/wp-content\/uploads\/2022\/08\/AUTOS-CLASICOS-1280x1000.jpg 1280w\" sizes=\"(max-width: 960px) 100vw, 960px\" \/><\/a><\/div><\/div><div class=\"date_label\">agosto 19, 2022<\/div><div class=\"desc\"><h4><a href=\"https:\/\/gadgualaquiza.gob.ec\/web\/2022\/08\/19\/exhibicion-de-autos-clasicos\/\">EXHIBICI\u00d3N DE AUTOS CL\u00c1SICOS<\/a><\/h4><hr class=\"hr_color\" \/><a href=\"https:\/\/gadgualaquiza.gob.ec\/web\/2022\/08\/19\/exhibicion-de-autos-clasicos\/\" class=\"button button_left button_js\"><span class=\"button_icon\"><i class=\"icon-layout\"><\/i><\/span><span class=\"button_label\">Read more<\/span><\/a><\/div><\/div><\/li><li class=\"post-14228 post type-post status-publish format-standard has-post-thumbnail hentry category-noticias-inicio\"><div class=\"item_wrapper\"><div class=\"image_frame scale-with-grid\"><div class=\"image_wrapper\"><a href=\"https:\/\/gadgualaquiza.gob.ec\/web\/2022\/08\/19\/feria-turistica\/\"><img width=\"960\" height=\"750\" src=\"https:\/\/gadgualaquiza.gob.ec\/web\/wp-content\/uploads\/2022\/08\/FERIA-2-960x750.jpg\" class=\"scale-with-grid wp-post-image\" alt=\"\" decoding=\"async\" srcset=\"https:\/\/gadgualaquiza.gob.ec\/web\/wp-content\/uploads\/2022\/08\/FERIA-2-960x750.jpg 960w, https:\/\/gadgualaquiza.gob.ec\/web\/wp-content\/uploads\/2022\/08\/FERIA-2-1280x1000.jpg 1280w\" sizes=\"(max-width: 960px) 100vw, 960px\" \/><\/a><\/div><\/div><div class=\"date_label\">agosto 19, 2022<\/div><div class=\"desc\"><h4><a href=\"https:\/\/gadgualaquiza.gob.ec\/web\/2022\/08\/19\/feria-turistica\/\">FERIA TURISTICA<\/a><\/h4><hr class=\"hr_color\" \/><a href=\"https:\/\/gadgualaquiza.gob.ec\/web\/2022\/08\/19\/feria-turistica\/\" class=\"button button_left button_js\"><span class=\"button_icon\"><i class=\"icon-layout\"><\/i><\/span><span class=\"button_label\">Read more<\/span><\/a><\/div><\/div><\/li><\/ul><div class=\"slider_pager slider_pagination\"><\/div><\/div>\n[\/vc_column][\/vc_row][vc_row css=\u00bb.vc_custom_1522445740028{background-image: url(https:\/\/gadgualaquiza.gob.ec\/web\/wp-content\/uploads\/2018\/03\/FONDO4.jpg?id=5989) !important;background-position: center !important;background-repeat: no-repeat !important;background-size: contain !important;}\u00bb][vc_column width=\u00bb1\/2&#8243;][vc_posts_slider type=\u00bbnivo\u00bb count=\u00bb5&#8243; interval=\u00bb3&#8243; thumb_size=\u00bbfull\u00bb posttypes=\u00bbpost\u00bb categories=\u00bbIMPORTANTES\u00bb][\/vc_column][vc_column width=\u00bb1\/2&#8243;][\/vc_column][\/vc_row][vc_row][vc_column width=\u00bb1\/4&#8243;][vc_single_image image=\u00bb6009&#8243; img_size=\u00bbfull\u00bb alignment=\u00bbcenter\u00bb style=\u00bbvc_box_border\u00bb border_color=\u00bbchino\u00bb onclick=\u00bbcustom_link\u00bb css_animation=\u00bbfadeInLeft\u00bb link=\u00bbhttps:\/\/gadgualaquiza.gob.ec\/web\/municipio\/gaceta-municipal\/\u00bb][\/vc_column][vc_column width=\u00bb3\/4&#8243;][vc_raw_html]JTVCZW52aXJhLWdhbGxlcnklMjBpZCUzRCUyMjIzMTklMjIlNUQ=[\/vc_raw_html][\/vc_column][\/vc_row]<\/p>\n<\/div>","protected":false},"excerpt":{"rendered":"<p>[vc_row][vc_column][vc_raw_html]JTVCcmV2X3NsaWRlciUyMHByZXNzJTVE[\/vc_raw_html][\/vc_column][\/vc_row][vc_row css=\u00bb.vc_custom_1522446865592{background-color: #fcfcfc !important;background-position: center !important;background-repeat: no-repeat !important;background-size: contain !important;}\u00bb][vc_column<span class=\"excerpt-hellip\"> [\u2026]<\/span><\/p>\n","protected":false},"author":1,"featured_media":0,"parent":0,"menu_order":0,"comment_status":"closed","ping_status":"closed","template":"","meta":{"footnotes":""},"yoast_head":"<!-- This site is optimized with the Yoast SEO Premium plugin v19.7 (Yoast SEO v22.4) - https:\/\/yoast.com\/wordpress\/plugins\/seo\/ -->\n<title>INICIO V2 | Gad Municipal de Gualaquiza<\/title>\n<meta name=\"robots\" content=\"index, follow, max-snippet:-1, max-image-preview:large, max-video-preview:-1\" \/>\n<link rel=\"canonical\" href=\"https:\/\/gadgualaquiza.gob.ec\/web\/inicio-v2\/\" \/>\n<meta property=\"og:locale\" content=\"es_ES\" \/>\n<meta property=\"og:type\" content=\"article\" \/>\n<meta property=\"og:title\" content=\"INICIO V2\" \/>\n<meta property=\"og:description\" content=\"[vc_row][vc_column][vc_raw_html]JTVCcmV2X3NsaWRlciUyMHByZXNzJTVE[\/vc_raw_html][\/vc_column][\/vc_row][vc_row css=\u00bb.vc_custom_1522446865592{background-color: #fcfcfc !important;background-position: center !important;background-repeat: no-repeat !important;background-size: contain !important;}\u00bb][vc_column [\u2026]\" \/>\n<meta property=\"og:url\" content=\"https:\/\/gadgualaquiza.gob.ec\/web\/inicio-v2\/\" \/>\n<meta property=\"og:site_name\" content=\"Gad Municipal de Gualaquiza\" \/>\n<meta property=\"article:publisher\" content=\"https:\/\/www.facebook.com\/GADMGualaquiza\/\" \/>\n<meta property=\"article:modified_time\" content=\"2018-03-30T23:57:30+00:00\" \/>\n<meta name=\"twitter:card\" content=\"summary_large_image\" \/>\n<meta name=\"twitter:site\" content=\"@gadgualaquiza\" \/>\n<meta name=\"twitter:label1\" content=\"Tiempo de lectura\" \/>\n\t<meta name=\"twitter:data1\" content=\"1 minuto\" \/>\n<script type=\"application\/ld+json\" class=\"yoast-schema-graph\">{\"@context\":\"https:\/\/schema.org\",\"@graph\":[{\"@type\":\"WebPage\",\"@id\":\"https:\/\/gadgualaquiza.gob.ec\/web\/inicio-v2\/\",\"url\":\"https:\/\/gadgualaquiza.gob.ec\/web\/inicio-v2\/\",\"name\":\"INICIO V2 | Gad Municipal de Gualaquiza\",\"isPartOf\":{\"@id\":\"https:\/\/gadgualaquiza.gob.ec\/web\/#website\"},\"datePublished\":\"2018-03-30T16:55:28+00:00\",\"dateModified\":\"2018-03-30T23:57:30+00:00\",\"breadcrumb\":{\"@id\":\"https:\/\/gadgualaquiza.gob.ec\/web\/inicio-v2\/#breadcrumb\"},\"inLanguage\":\"es\",\"potentialAction\":[{\"@type\":\"ReadAction\",\"target\":[\"https:\/\/gadgualaquiza.gob.ec\/web\/inicio-v2\/\"]}]},{\"@type\":\"BreadcrumbList\",\"@id\":\"https:\/\/gadgualaquiza.gob.ec\/web\/inicio-v2\/#breadcrumb\",\"itemListElement\":[{\"@type\":\"ListItem\",\"position\":1,\"name\":\"Portada\",\"item\":\"https:\/\/gadgualaquiza.gob.ec\/web\/\"},{\"@type\":\"ListItem\",\"position\":2,\"name\":\"INICIO V2\"}]},{\"@type\":\"WebSite\",\"@id\":\"https:\/\/gadgualaquiza.gob.ec\/web\/#website\",\"url\":\"https:\/\/gadgualaquiza.gob.ec\/web\/\",\"name\":\"Gad Municipal de Gualaquiza\",\"description\":\"Gualaquiza tiene futuro\",\"publisher\":{\"@id\":\"https:\/\/gadgualaquiza.gob.ec\/web\/#organization\"},\"potentialAction\":[{\"@type\":\"SearchAction\",\"target\":{\"@type\":\"EntryPoint\",\"urlTemplate\":\"https:\/\/gadgualaquiza.gob.ec\/web\/?s={search_term_string}\"},\"query-input\":\"required name=search_term_string\"}],\"inLanguage\":\"es\"},{\"@type\":\"Organization\",\"@id\":\"https:\/\/gadgualaquiza.gob.ec\/web\/#organization\",\"name\":\"GAD Municipal de Gualaquiza\",\"url\":\"https:\/\/gadgualaquiza.gob.ec\/web\/\",\"logo\":{\"@type\":\"ImageObject\",\"inLanguage\":\"es\",\"@id\":\"https:\/\/gadgualaquiza.gob.ec\/web\/#\/schema\/logo\/image\/\",\"url\":\"https:\/\/gadgualaquiza.gob.ec\/web\/wp-content\/uploads\/2018\/03\/logo.png\",\"contentUrl\":\"https:\/\/gadgualaquiza.gob.ec\/web\/wp-content\/uploads\/2018\/03\/logo.png\",\"width\":378,\"height\":168,\"caption\":\"GAD Municipal de Gualaquiza\"},\"image\":{\"@id\":\"https:\/\/gadgualaquiza.gob.ec\/web\/#\/schema\/logo\/image\/\"},\"sameAs\":[\"https:\/\/www.facebook.com\/GADMGualaquiza\/\",\"https:\/\/twitter.com\/gadgualaquiza\",\"https:\/\/www.youtube.com\/channel\/UCevG9dVTc47am3Z-S4sgeRg\/videos?disable_polymer=1\"]}]}<\/script>\n<!-- \/ Yoast SEO Premium plugin. -->","yoast_head_json":{"title":"INICIO V2 | Gad Municipal de Gualaquiza","robots":{"index":"index","follow":"follow","max-snippet":"max-snippet:-1","max-image-preview":"max-image-preview:large","max-video-preview":"max-video-preview:-1"},"canonical":"https:\/\/gadgualaquiza.gob.ec\/web\/inicio-v2\/","og_locale":"es_ES","og_type":"article","og_title":"INICIO V2","og_description":"[vc_row][vc_column][vc_raw_html]JTVCcmV2X3NsaWRlciUyMHByZXNzJTVE[\/vc_raw_html][\/vc_column][\/vc_row][vc_row css=\u00bb.vc_custom_1522446865592{background-color: #fcfcfc !important;background-position: center !important;background-repeat: no-repeat !important;background-size: contain !important;}\u00bb][vc_column [\u2026]","og_url":"https:\/\/gadgualaquiza.gob.ec\/web\/inicio-v2\/","og_site_name":"Gad Municipal de Gualaquiza","article_publisher":"https:\/\/www.facebook.com\/GADMGualaquiza\/","article_modified_time":"2018-03-30T23:57:30+00:00","twitter_card":"summary_large_image","twitter_site":"@gadgualaquiza","twitter_misc":{"Tiempo de lectura":"1 minuto"},"schema":{"@context":"https:\/\/schema.org","@graph":[{"@type":"WebPage","@id":"https:\/\/gadgualaquiza.gob.ec\/web\/inicio-v2\/","url":"https:\/\/gadgualaquiza.gob.ec\/web\/inicio-v2\/","name":"INICIO V2 | Gad Municipal de Gualaquiza","isPartOf":{"@id":"https:\/\/gadgualaquiza.gob.ec\/web\/#website"},"datePublished":"2018-03-30T16:55:28+00:00","dateModified":"2018-03-30T23:57:30+00:00","breadcrumb":{"@id":"https:\/\/gadgualaquiza.gob.ec\/web\/inicio-v2\/#breadcrumb"},"inLanguage":"es","potentialAction":[{"@type":"ReadAction","target":["https:\/\/gadgualaquiza.gob.ec\/web\/inicio-v2\/"]}]},{"@type":"BreadcrumbList","@id":"https:\/\/gadgualaquiza.gob.ec\/web\/inicio-v2\/#breadcrumb","itemListElement":[{"@type":"ListItem","position":1,"name":"Portada","item":"https:\/\/gadgualaquiza.gob.ec\/web\/"},{"@type":"ListItem","position":2,"name":"INICIO V2"}]},{"@type":"WebSite","@id":"https:\/\/gadgualaquiza.gob.ec\/web\/#website","url":"https:\/\/gadgualaquiza.gob.ec\/web\/","name":"Gad Municipal de Gualaquiza","description":"Gualaquiza tiene futuro","publisher":{"@id":"https:\/\/gadgualaquiza.gob.ec\/web\/#organization"},"potentialAction":[{"@type":"SearchAction","target":{"@type":"EntryPoint","urlTemplate":"https:\/\/gadgualaquiza.gob.ec\/web\/?s={search_term_string}"},"query-input":"required name=search_term_string"}],"inLanguage":"es"},{"@type":"Organization","@id":"https:\/\/gadgualaquiza.gob.ec\/web\/#organization","name":"GAD Municipal de Gualaquiza","url":"https:\/\/gadgualaquiza.gob.ec\/web\/","logo":{"@type":"ImageObject","inLanguage":"es","@id":"https:\/\/gadgualaquiza.gob.ec\/web\/#\/schema\/logo\/image\/","url":"https:\/\/gadgualaquiza.gob.ec\/web\/wp-content\/uploads\/2018\/03\/logo.png","contentUrl":"https:\/\/gadgualaquiza.gob.ec\/web\/wp-content\/uploads\/2018\/03\/logo.png","width":378,"height":168,"caption":"GAD Municipal de Gualaquiza"},"image":{"@id":"https:\/\/gadgualaquiza.gob.ec\/web\/#\/schema\/logo\/image\/"},"sameAs":["https:\/\/www.facebook.com\/GADMGualaquiza\/","https:\/\/twitter.com\/gadgualaquiza","https:\/\/www.youtube.com\/channel\/UCevG9dVTc47am3Z-S4sgeRg\/videos?disable_polymer=1"]}]}},"_links":{"self":[{"href":"https:\/\/gadgualaquiza.gob.ec\/web\/wp-json\/wp\/v2\/pages\/5955"}],"collection":[{"href":"https:\/\/gadgualaquiza.gob.ec\/web\/wp-json\/wp\/v2\/pages"}],"about":[{"href":"https:\/\/gadgualaquiza.gob.ec\/web\/wp-json\/wp\/v2\/types\/page"}],"author":[{"embeddable":true,"href":"https:\/\/gadgualaquiza.gob.ec\/web\/wp-json\/wp\/v2\/users\/1"}],"replies":[{"embeddable":true,"href":"https:\/\/gadgualaquiza.gob.ec\/web\/wp-json\/wp\/v2\/comments?post=5955"}],"version-history":[{"count":41,"href":"https:\/\/gadgualaquiza.gob.ec\/web\/wp-json\/wp\/v2\/pages\/5955\/revisions"}],"predecessor-version":[{"id":6030,"href":"https:\/\/gadgualaquiza.gob.ec\/web\/wp-json\/wp\/v2\/pages\/5955\/revisions\/6030"}],"wp:attachment":[{"href":"https:\/\/gadgualaquiza.gob.ec\/web\/wp-json\/wp\/v2\/media?parent=5955"}],"curies":[{"name":"wp","href":"https:\/\/api.w.org\/{rel}","templated":true}]}}